{"id":92,"date":"2020-02-23T16:05:25","date_gmt":"2020-02-23T16:05:25","guid":{"rendered":"http:\/\/susanne-frey.de\/?page_id=92"},"modified":"2020-04-14T19:36:10","modified_gmt":"2020-04-14T19:36:10","slug":"kein-schoener-land","status":"publish","type":"page","link":"http:\/\/susanne-frey.de\/?page_id=92","title":{"rendered":"Kein Sch\u00f6ner Land"},"content":{"rendered":"\n<p>Kein Sch\u00f6ner Land<br>Theater Osnabr\u00fcck. Premiere am 14.6.2013.&nbsp;<\/p>\n\n\n\n<p>Inszenierung: Susanne Frey<br>B\u00fchne \/ Kost\u00fcme: Benita Roth<br>Dramaturgie: Anja Sackarendt<br>Mit Daniela Dandrea, Magdalena Helmig, Sevdalina Marinova, Helen Nintemann, Shabnam Parvaresh, Suprova Roy-Chouchury, Ahmad Ahmadi, Jan Friedrich Eggers, Bert Heek, Wladimir Krasmann, Hasan Pek\u00f6z&nbsp;<\/p>\n\n\n\n<div class=\"wp-block-glsb-gosign-logo-slider-block gosign-logo-slider\" data-slick=\"{&quot;dots&quot;:false,&quot;infinite&quot;:true,&quot;arrows&quot;:false,&quot;speed&quot;:800,&quot;slidesToShow&quot;:1,&quot;slidesToScroll&quot;:1,&quot;autoplay&quot;:true,&quot;autoplaySpeed&quot;:2500,&quot;gosignAllowLinkOnImages&quot;:false}\"><div class=\"logo-slider-item\"><img loading=\"lazy\" width=\"1024\" height=\"683\" src=\"http:\/\/susanne-frey.de\/wp-content\/uploads\/2020\/04\/Kein-sch\u00f6ner-Land_12-1024x683.jpg\" alt=\"\" data-id=\"615\" data-link=\"http:\/\/susanne-frey.de\/?attachment_id=615\" class=\"wp-image-615\" srcset=\"http:\/\/susanne-frey.de\/wp-content\/uploads\/2020\/04\/Kein-sch\u00f6ner-Land_12-1024x683.jpg 1024w, http:\/\/susanne-frey.de\/wp-content\/uploads\/2020\/04\/Kein-sch\u00f6ner-Land_12-300x200.jpg 300w, http:\/\/susanne-frey.de\/wp-content\/uploads\/2020\/04\/Kein-sch\u00f6ner-Land_12-768x512.jpg 768w, http:\/\/susanne-frey.de\/wp-content\/uploads\/2020\/04\/Kein-sch\u00f6ner-Land_12.jpg 1200w\" sizes=\"(max-width: 706px) 89vw, (max-width: 767px) 82vw, 740px\" \/><\/div><div class=\"logo-slider-item\"><img loading=\"lazy\" width=\"1024\" height=\"683\" src=\"http:\/\/susanne-frey.de\/wp-content\/uploads\/2020\/04\/Kein-sch\u00f6ner-Land_4-1024x683.jpg\" alt=\"\" data-id=\"607\" data-link=\"http:\/\/susanne-frey.de\/?attachment_id=607\" class=\"wp-image-607\" srcset=\"http:\/\/susanne-frey.de\/wp-content\/uploads\/2020\/04\/Kein-sch\u00f6ner-Land_4-1024x683.jpg 1024w, http:\/\/susanne-frey.de\/wp-content\/uploads\/2020\/04\/Kein-sch\u00f6ner-Land_4-300x200.jpg 300w, http:\/\/susanne-frey.de\/wp-content\/uploads\/2020\/04\/Kein-sch\u00f6ner-Land_4-768x512.jpg 768w, http:\/\/susanne-frey.de\/wp-content\/uploads\/2020\/04\/Kein-sch\u00f6ner-Land_4.jpg 1200w\" sizes=\"(max-width: 706px) 89vw, (max-width: 767px) 82vw, 740px\" \/><\/div><div class=\"logo-slider-item\"><img loading=\"lazy\" width=\"1024\" height=\"683\" src=\"http:\/\/susanne-frey.de\/wp-content\/uploads\/2020\/04\/Kein-sch\u00f6ner-Land_13-1024x683.jpg\" alt=\"\" data-id=\"616\" data-link=\"http:\/\/susanne-frey.de\/?attachment_id=616\" class=\"wp-image-616\" srcset=\"http:\/\/susanne-frey.de\/wp-content\/uploads\/2020\/04\/Kein-sch\u00f6ner-Land_13-1024x683.jpg 1024w, http:\/\/susanne-frey.de\/wp-content\/uploads\/2020\/04\/Kein-sch\u00f6ner-Land_13-300x200.jpg 300w, http:\/\/susanne-frey.de\/wp-content\/uploads\/2020\/04\/Kein-sch\u00f6ner-Land_13-768x512.jpg 768w, http:\/\/susanne-frey.de\/wp-content\/uploads\/2020\/04\/Kein-sch\u00f6ner-Land_13.jpg 1200w\" sizes=\"(max-width: 706px) 89vw, (max-width: 767px) 82vw, 740px\" \/><\/div><div class=\"logo-slider-item\"><img loading=\"lazy\" width=\"1024\" height=\"683\" src=\"http:\/\/susanne-frey.de\/wp-content\/uploads\/2020\/04\/Kein-sch\u00f6ner-Land_11-1024x683.jpg\" alt=\"\" data-id=\"614\" data-link=\"http:\/\/susanne-frey.de\/?attachment_id=614\" class=\"wp-image-614\" srcset=\"http:\/\/susanne-frey.de\/wp-content\/uploads\/2020\/04\/Kein-sch\u00f6ner-Land_11-1024x683.jpg 1024w, http:\/\/susanne-frey.de\/wp-content\/uploads\/2020\/04\/Kein-sch\u00f6ner-Land_11-300x200.jpg 300w, http:\/\/susanne-frey.de\/wp-content\/uploads\/2020\/04\/Kein-sch\u00f6ner-Land_11-768x512.jpg 768w, http:\/\/susanne-frey.de\/wp-content\/uploads\/2020\/04\/Kein-sch\u00f6ner-Land_11.jpg 1200w\" sizes=\"(max-width: 706px) 89vw, (max-width: 767px) 82vw, 740px\" \/><\/div><div class=\"logo-slider-item\"><img loading=\"lazy\" width=\"1024\" height=\"683\" src=\"http:\/\/susanne-frey.de\/wp-content\/uploads\/2020\/04\/Kein-sch\u00f6ner-Land_10-1024x683.jpg\" alt=\"\" data-id=\"613\" data-link=\"http:\/\/susanne-frey.de\/?attachment_id=613\" class=\"wp-image-613\" srcset=\"http:\/\/susanne-frey.de\/wp-content\/uploads\/2020\/04\/Kein-sch\u00f6ner-Land_10-1024x683.jpg 1024w, http:\/\/susanne-frey.de\/wp-content\/uploads\/2020\/04\/Kein-sch\u00f6ner-Land_10-300x200.jpg 300w, http:\/\/susanne-frey.de\/wp-content\/uploads\/2020\/04\/Kein-sch\u00f6ner-Land_10-768x512.jpg 768w, http:\/\/susanne-frey.de\/wp-content\/uploads\/2020\/04\/Kein-sch\u00f6ner-Land_10.jpg 1200w\" sizes=\"(max-width: 706px) 89vw, (max-width: 767px) 82vw, 740px\" \/><\/div><div class=\"logo-slider-item\"><img loading=\"lazy\" width=\"1024\" height=\"683\" src=\"http:\/\/susanne-frey.de\/wp-content\/uploads\/2020\/04\/Kein-sch\u00f6ner-Land_9-1024x683.jpg\" alt=\"\" data-id=\"612\" data-link=\"http:\/\/susanne-frey.de\/?attachment_id=612\" class=\"wp-image-612\" srcset=\"http:\/\/susanne-frey.de\/wp-content\/uploads\/2020\/04\/Kein-sch\u00f6ner-Land_9-1024x683.jpg 1024w, http:\/\/susanne-frey.de\/wp-content\/uploads\/2020\/04\/Kein-sch\u00f6ner-Land_9-300x200.jpg 300w, http:\/\/susanne-frey.de\/wp-content\/uploads\/2020\/04\/Kein-sch\u00f6ner-Land_9-768x512.jpg 768w, http:\/\/susanne-frey.de\/wp-content\/uploads\/2020\/04\/Kein-sch\u00f6ner-Land_9.jpg 1200w\" sizes=\"(max-width: 706px) 89vw, (max-width: 767px) 82vw, 740px\" \/><\/div><div class=\"logo-slider-item\"><img loading=\"lazy\" width=\"1024\" height=\"683\" src=\"http:\/\/susanne-frey.de\/wp-content\/uploads\/2020\/04\/Kein-sch\u00f6ner-Land_8-1024x683.jpg\" alt=\"\" data-id=\"611\" data-link=\"http:\/\/susanne-frey.de\/?attachment_id=611\" class=\"wp-image-611\" srcset=\"http:\/\/susanne-frey.de\/wp-content\/uploads\/2020\/04\/Kein-sch\u00f6ner-Land_8-1024x683.jpg 1024w, http:\/\/susanne-frey.de\/wp-content\/uploads\/2020\/04\/Kein-sch\u00f6ner-Land_8-300x200.jpg 300w, http:\/\/susanne-frey.de\/wp-content\/uploads\/2020\/04\/Kein-sch\u00f6ner-Land_8-768x512.jpg 768w, http:\/\/susanne-frey.de\/wp-content\/uploads\/2020\/04\/Kein-sch\u00f6ner-Land_8.jpg 1200w\" sizes=\"(max-width: 706px) 89vw, (max-width: 767px) 82vw, 740px\" \/><\/div><div class=\"logo-slider-item\"><img loading=\"lazy\" width=\"1024\" height=\"683\" src=\"http:\/\/susanne-frey.de\/wp-content\/uploads\/2020\/04\/Kein-sch\u00f6ner-Land_7-1024x683.jpg\" alt=\"\" data-id=\"610\" data-link=\"http:\/\/susanne-frey.de\/?attachment_id=610\" class=\"wp-image-610\" srcset=\"http:\/\/susanne-frey.de\/wp-content\/uploads\/2020\/04\/Kein-sch\u00f6ner-Land_7-1024x683.jpg 1024w, http:\/\/susanne-frey.de\/wp-content\/uploads\/2020\/04\/Kein-sch\u00f6ner-Land_7-300x200.jpg 300w, http:\/\/susanne-frey.de\/wp-content\/uploads\/2020\/04\/Kein-sch\u00f6ner-Land_7-768x512.jpg 768w, http:\/\/susanne-frey.de\/wp-content\/uploads\/2020\/04\/Kein-sch\u00f6ner-Land_7.jpg 1200w\" sizes=\"(max-width: 706px) 89vw, (max-width: 767px) 82vw, 740px\" \/><\/div><div class=\"logo-slider-item\"><img loading=\"lazy\" width=\"1024\" height=\"683\" src=\"http:\/\/susanne-frey.de\/wp-content\/uploads\/2020\/04\/Kein-sch\u00f6ner-Land_6-1024x683.jpg\" alt=\"\" data-id=\"609\" data-link=\"http:\/\/susanne-frey.de\/?attachment_id=609\" class=\"wp-image-609\" srcset=\"http:\/\/susanne-frey.de\/wp-content\/uploads\/2020\/04\/Kein-sch\u00f6ner-Land_6-1024x683.jpg 1024w, http:\/\/susanne-frey.de\/wp-content\/uploads\/2020\/04\/Kein-sch\u00f6ner-Land_6-300x200.jpg 300w, http:\/\/susanne-frey.de\/wp-content\/uploads\/2020\/04\/Kein-sch\u00f6ner-Land_6-768x512.jpg 768w, http:\/\/susanne-frey.de\/wp-content\/uploads\/2020\/04\/Kein-sch\u00f6ner-Land_6.jpg 1200w\" sizes=\"(max-width: 706px) 89vw, (max-width: 767px) 82vw, 740px\" \/><\/div><div class=\"logo-slider-item\"><img loading=\"lazy\" width=\"1024\" height=\"683\" src=\"http:\/\/susanne-frey.de\/wp-content\/uploads\/2020\/04\/Kein-sch\u00f6ner-Land_5-1024x683.jpg\" alt=\"\" data-id=\"608\" data-link=\"http:\/\/susanne-frey.de\/?attachment_id=608\" class=\"wp-image-608\" srcset=\"http:\/\/susanne-frey.de\/wp-content\/uploads\/2020\/04\/Kein-sch\u00f6ner-Land_5-1024x683.jpg 1024w, http:\/\/susanne-frey.de\/wp-content\/uploads\/2020\/04\/Kein-sch\u00f6ner-Land_5-300x200.jpg 300w, http:\/\/susanne-frey.de\/wp-content\/uploads\/2020\/04\/Kein-sch\u00f6ner-Land_5-768x512.jpg 768w, http:\/\/susanne-frey.de\/wp-content\/uploads\/2020\/04\/Kein-sch\u00f6ner-Land_5.jpg 1200w\" sizes=\"(max-width: 706px) 89vw, (max-width: 767px) 82vw, 740px\" \/><\/div><div class=\"logo-slider-item\"><img loading=\"lazy\" width=\"1024\" height=\"683\" src=\"http:\/\/susanne-frey.de\/wp-content\/uploads\/2020\/04\/Kein-sch\u00f6ner-Land_3-1024x683.jpg\" alt=\"\" data-id=\"606\" data-link=\"http:\/\/susanne-frey.de\/?attachment_id=606\" class=\"wp-image-606\" srcset=\"http:\/\/susanne-frey.de\/wp-content\/uploads\/2020\/04\/Kein-sch\u00f6ner-Land_3-1024x683.jpg 1024w, http:\/\/susanne-frey.de\/wp-content\/uploads\/2020\/04\/Kein-sch\u00f6ner-Land_3-300x200.jpg 300w, http:\/\/susanne-frey.de\/wp-content\/uploads\/2020\/04\/Kein-sch\u00f6ner-Land_3-768x512.jpg 768w, http:\/\/susanne-frey.de\/wp-content\/uploads\/2020\/04\/Kein-sch\u00f6ner-Land_3.jpg 1200w\" sizes=\"(max-width: 706px) 89vw, (max-width: 767px) 82vw, 740px\" \/><\/div><div class=\"logo-slider-item\"><img loading=\"lazy\" width=\"1024\" height=\"683\" src=\"http:\/\/susanne-frey.de\/wp-content\/uploads\/2020\/04\/Kein-sch\u00f6ner-Land_2-1024x683.jpg\" alt=\"\" data-id=\"605\" data-link=\"http:\/\/susanne-frey.de\/?attachment_id=605\" class=\"wp-image-605\" srcset=\"http:\/\/susanne-frey.de\/wp-content\/uploads\/2020\/04\/Kein-sch\u00f6ner-Land_2-1024x683.jpg 1024w, http:\/\/susanne-frey.de\/wp-content\/uploads\/2020\/04\/Kein-sch\u00f6ner-Land_2-300x200.jpg 300w, http:\/\/susanne-frey.de\/wp-content\/uploads\/2020\/04\/Kein-sch\u00f6ner-Land_2-768x512.jpg 768w, http:\/\/susanne-frey.de\/wp-content\/uploads\/2020\/04\/Kein-sch\u00f6ner-Land_2.jpg 1200w\" sizes=\"(max-width: 706px) 89vw, (max-width: 767px) 82vw, 740px\" \/><\/div><div class=\"logo-slider-item\"><img loading=\"lazy\" width=\"1024\" height=\"683\" src=\"http:\/\/susanne-frey.de\/wp-content\/uploads\/2020\/04\/Kein-sch\u00f6ner-Land_1-1024x683.jpg\" alt=\"\" data-id=\"604\" data-link=\"http:\/\/susanne-frey.de\/?attachment_id=604\" class=\"wp-image-604\" srcset=\"http:\/\/susanne-frey.de\/wp-content\/uploads\/2020\/04\/Kein-sch\u00f6ner-Land_1-1024x683.jpg 1024w, http:\/\/susanne-frey.de\/wp-content\/uploads\/2020\/04\/Kein-sch\u00f6ner-Land_1-300x200.jpg 300w, http:\/\/susanne-frey.de\/wp-content\/uploads\/2020\/04\/Kein-sch\u00f6ner-Land_1-768x512.jpg 768w, http:\/\/susanne-frey.de\/wp-content\/uploads\/2020\/04\/Kein-sch\u00f6ner-Land_1.jpg 1200w\" sizes=\"(max-width: 706px) 89vw, (max-width: 767px) 82vw, 740px\" \/><\/div><div class=\"logo-slider-item\"><img loading=\"lazy\" width=\"1024\" height=\"683\" src=\"http:\/\/susanne-frey.de\/wp-content\/uploads\/2020\/04\/Kein-sch\u00f6ner-Land_14-1024x683.jpg\" alt=\"\" data-id=\"617\" data-link=\"http:\/\/susanne-frey.de\/?attachment_id=617\" class=\"wp-image-617\" srcset=\"http:\/\/susanne-frey.de\/wp-content\/uploads\/2020\/04\/Kein-sch\u00f6ner-Land_14-1024x683.jpg 1024w, http:\/\/susanne-frey.de\/wp-content\/uploads\/2020\/04\/Kein-sch\u00f6ner-Land_14-300x200.jpg 300w, http:\/\/susanne-frey.de\/wp-content\/uploads\/2020\/04\/Kein-sch\u00f6ner-Land_14-768x512.jpg 768w, http:\/\/susanne-frey.de\/wp-content\/uploads\/2020\/04\/Kein-sch\u00f6ner-Land_14.jpg 1200w\" sizes=\"(max-width: 706px) 89vw, (max-width: 767px) 82vw, 740px\" \/><\/div><\/div>\n\n\n\n<p><br>Fotos \u00a9 Uwe Lewandowski<\/p>\n\n\n\n<p>Indien, Iran, Italien, Kenia, Holland, Afghanistan, Russland, Bulgarien, T\u00fcrkei sind die Herkunftsl\u00e4nder; eine Heimat auf Zeit haben sie in Osnabr\u00fcck gefunden. Aber was bedeutet Heimat? Gemeinsam mit der Schauspielerin Magdalena Helmig und dem S\u00e4nger Jan Friedrich Eggers n\u00e4hern sich zugezogene Osnabr\u00fcckerInnen an diesem ungew\u00f6hnlichen Musiktheaterabend diesem Thema an \u2013 mit Volks- und Kunstliedern aus ihren Herkunftsl\u00e4ndern sowie aus Deutschland.&nbsp;<\/p>\n\n\n\n<p>Die Lieder sind mit pers\u00f6nlichen Geschichten verkn\u00fcpft, in einigen liegt der bittere Geschmack des Freiheitsverlusts, in anderen die vertrauten Bilder von Zuhause. Die Musik bringt Erfahrungen von Vertrieben \u2013 oder Hineingeboren-Sein und Erinnerungen an Ankommen und Aufbrechen zum Ausdruck. Kein sch\u00f6ner Land erz\u00e4hlt \u2013 so die Neue Osnabr\u00fccker Zeitung \u2013&nbsp;<a href=\"http:\/\/www.noz.de\/deutschland-welt\/kultur\/artikel\/4951\/kein-schoner-land-in-%20osnabruck-uraufgefuhrt\">&#8222;Geschichten von den Menschen, die viel zu selten geh\u00f6rt werden&#8220;<\/a>.<\/p>\n","protected":false},"excerpt":{"rendered":"<p>Kein Sch\u00f6ner LandTheater Osnabr\u00fcck. Premiere am 14.6.2013.&nbsp; Inszenierung: Susanne FreyB\u00fchne \/ Kost\u00fcme: Benita RothDramaturgie: Anja SackarendtMit Daniela Dandrea, Magdalena Helmig, Sevdalina Marinova, Helen Nintemann, Shabnam Parvaresh, Suprova Roy-Chouchury, Ahmad Ahmadi, Jan Friedrich Eggers, Bert Heek, Wladimir Krasmann, Hasan Pek\u00f6z&nbsp; Fotos \u00a9 Uwe Lewandowski Indien, Iran, Italien, Kenia, Holland, Afghanistan, Russland, Bulgarien, T\u00fcrkei sind die Herkunftsl\u00e4nder; &hellip; <\/p>\n<p class=\"link-more\"><a href=\"http:\/\/susanne-frey.de\/?page_id=92\" class=\"more-link\"><span class=\"screen-reader-text\">\u201eKein Sch\u00f6ner Land\u201c<\/span> weiterlesen<\/a><\/p>\n","protected":false},"author":1,"featured_media":0,"parent":0,"menu_order":0,"comment_status":"closed","ping_status":"closed","template":"","meta":{"ngg_post_thumbnail":0},"_links":{"self":[{"href":"http:\/\/susanne-frey.de\/index.php?rest_route=\/wp\/v2\/pages\/92"}],"collection":[{"href":"http:\/\/susanne-frey.de\/index.php?rest_route=\/wp\/v2\/pages"}],"about":[{"href":"http:\/\/susanne-frey.de\/index.php?rest_route=\/wp\/v2\/types\/page"}],"author":[{"embeddable":true,"href":"http:\/\/susanne-frey.de\/index.php?rest_route=\/wp\/v2\/users\/1"}],"replies":[{"embeddable":true,"href":"http:\/\/susanne-frey.de\/index.php?rest_route=%2Fwp%2Fv2%2Fcomments&post=92"}],"version-history":[{"count":8,"href":"http:\/\/susanne-frey.de\/index.php?rest_route=\/wp\/v2\/pages\/92\/revisions"}],"predecessor-version":[{"id":864,"href":"http:\/\/susanne-frey.de\/index.php?rest_route=\/wp\/v2\/pages\/92\/revisions\/864"}],"wp:attachment":[{"href":"http:\/\/susanne-frey.de\/index.php?rest_route=%2Fwp%2Fv2%2Fmedia&parent=92"}],"curies":[{"name":"wp","href":"https:\/\/api.w.org\/{rel}","templated":true}]}}