{"id":66,"date":"2020-02-23T15:59:17","date_gmt":"2020-02-23T15:59:17","guid":{"rendered":"http:\/\/susanne-frey.de\/?page_id=66"},"modified":"2020-04-14T19:45:41","modified_gmt":"2020-04-14T19:45:41","slug":"eis-zeit-los","status":"publish","type":"page","link":"http:\/\/susanne-frey.de\/?page_id=66","title":{"rendered":"eis zeit los"},"content":{"rendered":"\n<p>MusikInSzene III: eis zeit los&nbsp;<br>Impressionistische Kammermusik.&nbsp;<a rel=\"noreferrer noopener\" href=\"http:\/\/www.staatsoper-berlin.de\/\" target=\"_blank\">Staatsoper Unter den Linden<\/a>&nbsp;am 8. Juni 2003 in den OsramH\u00f6fen, Berlin \u2013 Wedding.&nbsp;<\/p>\n\n\n\n<p>Inszenierung: Susanne Frey<br>Raumkonzeption: Benita Roth<br>Jolivet-Quintett: Claudia Stein (Fl\u00f6te), Anna Maria Fitzenreiter (Harfe), Knut Zimmermann (Violine), Felix Schwartz (Viola), Stefan Giglberger (Violoncello)&nbsp;<\/p>\n\n\n\n<p>Werke von Claude Debussy, Bernard Andr\u00e8s, Erik Satie, Gabriel Piern\u00e9, Andr\u00e9 Jolivet und Richard Strauss.&nbsp;<\/p>\n\n\n\n<div class=\"wp-block-glsb-gosign-logo-slider-block gosign-logo-slider\" data-slick=\"{&quot;dots&quot;:false,&quot;infinite&quot;:true,&quot;arrows&quot;:false,&quot;speed&quot;:800,&quot;slidesToShow&quot;:1,&quot;slidesToScroll&quot;:1,&quot;autoplay&quot;:true,&quot;autoplaySpeed&quot;:2500,&quot;gosignAllowLinkOnImages&quot;:false}\"><div class=\"logo-slider-item\"><img loading=\"lazy\" width=\"1024\" height=\"683\" src=\"http:\/\/susanne-frey.de\/wp-content\/uploads\/2020\/04\/eis-zeit-los_1-1024x683.jpg\" alt=\"\" data-id=\"748\" data-link=\"http:\/\/susanne-frey.de\/?attachment_id=748\" class=\"wp-image-748\" srcset=\"http:\/\/susanne-frey.de\/wp-content\/uploads\/2020\/04\/eis-zeit-los_1-1024x683.jpg 1024w, http:\/\/susanne-frey.de\/wp-content\/uploads\/2020\/04\/eis-zeit-los_1-300x200.jpg 300w, http:\/\/susanne-frey.de\/wp-content\/uploads\/2020\/04\/eis-zeit-los_1-768x512.jpg 768w, http:\/\/susanne-frey.de\/wp-content\/uploads\/2020\/04\/eis-zeit-los_1.jpg 1200w\" sizes=\"(max-width: 706px) 89vw, (max-width: 767px) 82vw, 740px\" \/><\/div><div class=\"logo-slider-item\"><img loading=\"lazy\" width=\"1024\" height=\"683\" src=\"http:\/\/susanne-frey.de\/wp-content\/uploads\/2020\/04\/eis-zeit-los_3-1024x683.jpg\" alt=\"\" data-id=\"750\" data-link=\"http:\/\/susanne-frey.de\/?attachment_id=750\" class=\"wp-image-750\" srcset=\"http:\/\/susanne-frey.de\/wp-content\/uploads\/2020\/04\/eis-zeit-los_3-1024x683.jpg 1024w, http:\/\/susanne-frey.de\/wp-content\/uploads\/2020\/04\/eis-zeit-los_3-300x200.jpg 300w, http:\/\/susanne-frey.de\/wp-content\/uploads\/2020\/04\/eis-zeit-los_3-768x512.jpg 768w, http:\/\/susanne-frey.de\/wp-content\/uploads\/2020\/04\/eis-zeit-los_3.jpg 1200w\" sizes=\"(max-width: 706px) 89vw, (max-width: 767px) 82vw, 740px\" \/><\/div><div class=\"logo-slider-item\"><img loading=\"lazy\" width=\"1024\" height=\"683\" src=\"http:\/\/susanne-frey.de\/wp-content\/uploads\/2020\/04\/eis-zeit-los_2-1024x683.jpg\" alt=\"\" data-id=\"749\" data-link=\"http:\/\/susanne-frey.de\/?attachment_id=749\" class=\"wp-image-749\" srcset=\"http:\/\/susanne-frey.de\/wp-content\/uploads\/2020\/04\/eis-zeit-los_2-1024x683.jpg 1024w, http:\/\/susanne-frey.de\/wp-content\/uploads\/2020\/04\/eis-zeit-los_2-300x200.jpg 300w, http:\/\/susanne-frey.de\/wp-content\/uploads\/2020\/04\/eis-zeit-los_2-768x512.jpg 768w, http:\/\/susanne-frey.de\/wp-content\/uploads\/2020\/04\/eis-zeit-los_2.jpg 1200w\" sizes=\"(max-width: 706px) 89vw, (max-width: 767px) 82vw, 740px\" \/><\/div><div class=\"logo-slider-item\"><img loading=\"lazy\" width=\"1024\" height=\"683\" src=\"http:\/\/susanne-frey.de\/wp-content\/uploads\/2020\/04\/eis-zeit-los_8-1024x683.jpg\" alt=\"\" data-id=\"755\" data-link=\"http:\/\/susanne-frey.de\/?attachment_id=755\" class=\"wp-image-755\" srcset=\"http:\/\/susanne-frey.de\/wp-content\/uploads\/2020\/04\/eis-zeit-los_8-1024x683.jpg 1024w, http:\/\/susanne-frey.de\/wp-content\/uploads\/2020\/04\/eis-zeit-los_8-300x200.jpg 300w, http:\/\/susanne-frey.de\/wp-content\/uploads\/2020\/04\/eis-zeit-los_8-768x512.jpg 768w, http:\/\/susanne-frey.de\/wp-content\/uploads\/2020\/04\/eis-zeit-los_8.jpg 1200w\" sizes=\"(max-width: 706px) 89vw, (max-width: 767px) 82vw, 740px\" \/><\/div><div class=\"logo-slider-item\"><img loading=\"lazy\" width=\"1024\" height=\"683\" src=\"http:\/\/susanne-frey.de\/wp-content\/uploads\/2020\/04\/eis-zeit-los_12-1024x683.jpg\" alt=\"\" data-id=\"759\" data-link=\"http:\/\/susanne-frey.de\/?attachment_id=759\" class=\"wp-image-759\" srcset=\"http:\/\/susanne-frey.de\/wp-content\/uploads\/2020\/04\/eis-zeit-los_12-1024x683.jpg 1024w, http:\/\/susanne-frey.de\/wp-content\/uploads\/2020\/04\/eis-zeit-los_12-300x200.jpg 300w, http:\/\/susanne-frey.de\/wp-content\/uploads\/2020\/04\/eis-zeit-los_12-768x512.jpg 768w, http:\/\/susanne-frey.de\/wp-content\/uploads\/2020\/04\/eis-zeit-los_12.jpg 1200w\" sizes=\"(max-width: 706px) 89vw, (max-width: 767px) 82vw, 740px\" \/><\/div><div class=\"logo-slider-item\"><img loading=\"lazy\" width=\"1024\" height=\"683\" src=\"http:\/\/susanne-frey.de\/wp-content\/uploads\/2020\/04\/eis-zeit-los_11-1024x683.jpg\" alt=\"\" data-id=\"758\" data-link=\"http:\/\/susanne-frey.de\/?attachment_id=758\" class=\"wp-image-758\" srcset=\"http:\/\/susanne-frey.de\/wp-content\/uploads\/2020\/04\/eis-zeit-los_11-1024x683.jpg 1024w, http:\/\/susanne-frey.de\/wp-content\/uploads\/2020\/04\/eis-zeit-los_11-300x200.jpg 300w, http:\/\/susanne-frey.de\/wp-content\/uploads\/2020\/04\/eis-zeit-los_11-768x512.jpg 768w, http:\/\/susanne-frey.de\/wp-content\/uploads\/2020\/04\/eis-zeit-los_11.jpg 1200w\" sizes=\"(max-width: 706px) 89vw, (max-width: 767px) 82vw, 740px\" \/><\/div><div class=\"logo-slider-item\"><img loading=\"lazy\" width=\"1024\" height=\"683\" src=\"http:\/\/susanne-frey.de\/wp-content\/uploads\/2020\/04\/eis-zeit-los_10-1024x683.jpg\" alt=\"\" data-id=\"757\" data-link=\"http:\/\/susanne-frey.de\/?attachment_id=757\" class=\"wp-image-757\" srcset=\"http:\/\/susanne-frey.de\/wp-content\/uploads\/2020\/04\/eis-zeit-los_10-1024x683.jpg 1024w, http:\/\/susanne-frey.de\/wp-content\/uploads\/2020\/04\/eis-zeit-los_10-300x200.jpg 300w, http:\/\/susanne-frey.de\/wp-content\/uploads\/2020\/04\/eis-zeit-los_10-768x512.jpg 768w, http:\/\/susanne-frey.de\/wp-content\/uploads\/2020\/04\/eis-zeit-los_10.jpg 1200w\" sizes=\"(max-width: 706px) 89vw, (max-width: 767px) 82vw, 740px\" \/><\/div><div class=\"logo-slider-item\"><img loading=\"lazy\" width=\"1024\" height=\"683\" src=\"http:\/\/susanne-frey.de\/wp-content\/uploads\/2020\/04\/eis-zeit-los_9-1024x683.jpg\" alt=\"\" data-id=\"756\" data-link=\"http:\/\/susanne-frey.de\/?attachment_id=756\" class=\"wp-image-756\" srcset=\"http:\/\/susanne-frey.de\/wp-content\/uploads\/2020\/04\/eis-zeit-los_9-1024x683.jpg 1024w, http:\/\/susanne-frey.de\/wp-content\/uploads\/2020\/04\/eis-zeit-los_9-300x200.jpg 300w, http:\/\/susanne-frey.de\/wp-content\/uploads\/2020\/04\/eis-zeit-los_9-768x512.jpg 768w, http:\/\/susanne-frey.de\/wp-content\/uploads\/2020\/04\/eis-zeit-los_9.jpg 1200w\" sizes=\"(max-width: 706px) 89vw, (max-width: 767px) 82vw, 740px\" \/><\/div><div class=\"logo-slider-item\"><img loading=\"lazy\" width=\"1024\" height=\"683\" src=\"http:\/\/susanne-frey.de\/wp-content\/uploads\/2020\/04\/eis-zeit-los_4-1024x683.jpg\" alt=\"\" data-id=\"751\" data-link=\"http:\/\/susanne-frey.de\/?attachment_id=751\" class=\"wp-image-751\" srcset=\"http:\/\/susanne-frey.de\/wp-content\/uploads\/2020\/04\/eis-zeit-los_4-1024x683.jpg 1024w, http:\/\/susanne-frey.de\/wp-content\/uploads\/2020\/04\/eis-zeit-los_4-300x200.jpg 300w, http:\/\/susanne-frey.de\/wp-content\/uploads\/2020\/04\/eis-zeit-los_4-768x512.jpg 768w, http:\/\/susanne-frey.de\/wp-content\/uploads\/2020\/04\/eis-zeit-los_4.jpg 1200w\" sizes=\"(max-width: 706px) 89vw, (max-width: 767px) 82vw, 740px\" \/><\/div><div class=\"logo-slider-item\"><img loading=\"lazy\" width=\"1024\" height=\"683\" src=\"http:\/\/susanne-frey.de\/wp-content\/uploads\/2020\/04\/eis-zeit-los_7-1024x683.jpg\" alt=\"\" data-id=\"754\" data-link=\"http:\/\/susanne-frey.de\/?attachment_id=754\" class=\"wp-image-754\" srcset=\"http:\/\/susanne-frey.de\/wp-content\/uploads\/2020\/04\/eis-zeit-los_7-1024x683.jpg 1024w, http:\/\/susanne-frey.de\/wp-content\/uploads\/2020\/04\/eis-zeit-los_7-300x200.jpg 300w, http:\/\/susanne-frey.de\/wp-content\/uploads\/2020\/04\/eis-zeit-los_7-768x512.jpg 768w, http:\/\/susanne-frey.de\/wp-content\/uploads\/2020\/04\/eis-zeit-los_7.jpg 1200w\" sizes=\"(max-width: 706px) 89vw, (max-width: 767px) 82vw, 740px\" \/><\/div><div class=\"logo-slider-item\"><img loading=\"lazy\" width=\"1024\" height=\"683\" src=\"http:\/\/susanne-frey.de\/wp-content\/uploads\/2020\/04\/eis-zeit-los_5-1024x683.jpg\" alt=\"\" data-id=\"752\" data-link=\"http:\/\/susanne-frey.de\/?attachment_id=752\" class=\"wp-image-752\" srcset=\"http:\/\/susanne-frey.de\/wp-content\/uploads\/2020\/04\/eis-zeit-los_5-1024x683.jpg 1024w, http:\/\/susanne-frey.de\/wp-content\/uploads\/2020\/04\/eis-zeit-los_5-300x200.jpg 300w, http:\/\/susanne-frey.de\/wp-content\/uploads\/2020\/04\/eis-zeit-los_5-768x512.jpg 768w, http:\/\/susanne-frey.de\/wp-content\/uploads\/2020\/04\/eis-zeit-los_5.jpg 1200w\" sizes=\"(max-width: 706px) 89vw, (max-width: 767px) 82vw, 740px\" \/><\/div><div class=\"logo-slider-item\"><img loading=\"lazy\" width=\"1024\" height=\"683\" src=\"http:\/\/susanne-frey.de\/wp-content\/uploads\/2020\/04\/eis-zeit-los_6-1024x683.jpg\" alt=\"\" data-id=\"753\" data-link=\"http:\/\/susanne-frey.de\/?attachment_id=753\" class=\"wp-image-753\" srcset=\"http:\/\/susanne-frey.de\/wp-content\/uploads\/2020\/04\/eis-zeit-los_6-1024x683.jpg 1024w, http:\/\/susanne-frey.de\/wp-content\/uploads\/2020\/04\/eis-zeit-los_6-300x200.jpg 300w, http:\/\/susanne-frey.de\/wp-content\/uploads\/2020\/04\/eis-zeit-los_6-768x512.jpg 768w, http:\/\/susanne-frey.de\/wp-content\/uploads\/2020\/04\/eis-zeit-los_6.jpg 1200w\" sizes=\"(max-width: 706px) 89vw, (max-width: 767px) 82vw, 740px\" \/><\/div><\/div>\n\n\n\n<p><br>Fotos \u00a9 J\u00fcrgen Priebe<\/p>\n\n\n\n<p>Bei eis zeit los wird das Publikum von Fl\u00f6tenkl\u00e4ngen in eine wie im Winterschlaf liegende Industriehalle gelockt. Noch ist die Atmosph\u00e4re frostig. Die Musiker sind wie erstarrt. Von der Decke h\u00e4ngt ein Kronleuchter aus Eis. Im Laufe des Konzerts bewegen sich die Musiker im Raum und finden sich in wechselnden Formationen zusammen. Die impressionistischen Kl\u00e4nge lassen das Eis schmelzen und erwecken die Halle nach und nach zum Leben.&nbsp;<\/p>\n\n\n\n<figure class=\"wp-block-embed-youtube wp-block-embed is-type-video is-provider-youtube wp-embed-aspect-4-3 wp-has-aspect-ratio\"><div class=\"wp-block-embed__wrapper\">\n<iframe loading=\"lazy\" title=\"eis zeit los\" width=\"525\" height=\"394\" src=\"https:\/\/www.youtube.com\/embed\/Rh__99fQ7bc?feature=oembed\" frameborder=\"0\" allow=\"accelerometer; autoplay; encrypted-media; gyroscope; picture-in-picture\" allowfullscreen><\/iframe>\n<\/div><\/figure>\n","protected":false},"excerpt":{"rendered":"<p>MusikInSzene III: eis zeit los&nbsp;Impressionistische Kammermusik.&nbsp;Staatsoper Unter den Linden&nbsp;am 8. Juni 2003 in den OsramH\u00f6fen, Berlin \u2013 Wedding.&nbsp; Inszenierung: Susanne FreyRaumkonzeption: Benita RothJolivet-Quintett: Claudia Stein (Fl\u00f6te), Anna Maria Fitzenreiter (Harfe), Knut Zimmermann (Violine), Felix Schwartz (Viola), Stefan Giglberger (Violoncello)&nbsp; Werke von Claude Debussy, Bernard Andr\u00e8s, Erik Satie, Gabriel Piern\u00e9, Andr\u00e9 Jolivet und Richard Strauss.&nbsp; Fotos &hellip; <\/p>\n<p class=\"link-more\"><a href=\"http:\/\/susanne-frey.de\/?page_id=66\" class=\"more-link\"><span class=\"screen-reader-text\">\u201eeis zeit los\u201c<\/span> weiterlesen<\/a><\/p>\n","protected":false},"author":1,"featured_media":0,"parent":0,"menu_order":0,"comment_status":"closed","ping_status":"closed","template":"","meta":{"ngg_post_thumbnail":0},"_links":{"self":[{"href":"http:\/\/susanne-frey.de\/index.php?rest_route=\/wp\/v2\/pages\/66"}],"collection":[{"href":"http:\/\/susanne-frey.de\/index.php?rest_route=\/wp\/v2\/pages"}],"about":[{"href":"http:\/\/susanne-frey.de\/index.php?rest_route=\/wp\/v2\/types\/page"}],"author":[{"embeddable":true,"href":"http:\/\/susanne-frey.de\/index.php?rest_route=\/wp\/v2\/users\/1"}],"replies":[{"embeddable":true,"href":"http:\/\/susanne-frey.de\/index.php?rest_route=%2Fwp%2Fv2%2Fcomments&post=66"}],"version-history":[{"count":7,"href":"http:\/\/susanne-frey.de\/index.php?rest_route=\/wp\/v2\/pages\/66\/revisions"}],"predecessor-version":[{"id":874,"href":"http:\/\/susanne-frey.de\/index.php?rest_route=\/wp\/v2\/pages\/66\/revisions\/874"}],"wp:attachment":[{"href":"http:\/\/susanne-frey.de\/index.php?rest_route=%2Fwp%2Fv2%2Fmedia&parent=66"}],"curies":[{"name":"wp","href":"https:\/\/api.w.org\/{rel}","templated":true}]}}