{"id":64,"date":"2020-02-23T15:58:49","date_gmt":"2020-02-23T15:58:49","guid":{"rendered":"http:\/\/susanne-frey.de\/?page_id=64"},"modified":"2020-04-14T19:26:16","modified_gmt":"2020-04-14T19:26:16","slug":"die-kaktusbluete","status":"publish","type":"page","link":"http:\/\/susanne-frey.de\/?page_id=64","title":{"rendered":"Die Kaktusbl\u00fcte"},"content":{"rendered":"\n<p>Die Kaktusbl\u00fcte von Pierre Barillet und Jean Gr\u00e9dy<br><a rel=\"noreferrer noopener\" href=\"http:\/\/www.spessartgrotte.de\/\" target=\"_blank\">Theater Spessartgrotte Mainfranken<\/a>.<br>Premiere am 2. M\u00e4rz 2002&nbsp;<\/p>\n\n\n\n<p>Inszenierung: Susanne Frey&nbsp;<br>mit Ariane Payer, Peter Tretter, Maike Mai, Heiko Schnierer und Kasem Hoxha&nbsp;<\/p>\n\n\n\n<div class=\"wp-block-glsb-gosign-logo-slider-block gosign-logo-slider\" data-slick=\"{&quot;dots&quot;:false,&quot;infinite&quot;:true,&quot;arrows&quot;:false,&quot;speed&quot;:800,&quot;slidesToShow&quot;:1,&quot;slidesToScroll&quot;:1,&quot;autoplay&quot;:true,&quot;autoplaySpeed&quot;:2500,&quot;gosignAllowLinkOnImages&quot;:false}\"><div class=\"logo-slider-item\"><img loading=\"lazy\" width=\"1024\" height=\"683\" src=\"http:\/\/susanne-frey.de\/wp-content\/uploads\/2020\/04\/Kaktusbl\u00fcte_1-1024x683.jpg\" alt=\"\" data-id=\"582\" data-link=\"http:\/\/susanne-frey.de\/?attachment_id=582\" class=\"wp-image-582\" srcset=\"http:\/\/susanne-frey.de\/wp-content\/uploads\/2020\/04\/Kaktusbl\u00fcte_1-1024x683.jpg 1024w, http:\/\/susanne-frey.de\/wp-content\/uploads\/2020\/04\/Kaktusbl\u00fcte_1-300x200.jpg 300w, http:\/\/susanne-frey.de\/wp-content\/uploads\/2020\/04\/Kaktusbl\u00fcte_1-768x512.jpg 768w, http:\/\/susanne-frey.de\/wp-content\/uploads\/2020\/04\/Kaktusbl\u00fcte_1.jpg 1200w\" sizes=\"(max-width: 706px) 89vw, (max-width: 767px) 82vw, 740px\" \/><\/div><div class=\"logo-slider-item\"><img loading=\"lazy\" width=\"1024\" height=\"683\" src=\"http:\/\/susanne-frey.de\/wp-content\/uploads\/2020\/04\/Kaktusbl\u00fcte_4-1024x683.jpg\" alt=\"\" data-id=\"585\" data-link=\"http:\/\/susanne-frey.de\/?attachment_id=585\" class=\"wp-image-585\" srcset=\"http:\/\/susanne-frey.de\/wp-content\/uploads\/2020\/04\/Kaktusbl\u00fcte_4-1024x683.jpg 1024w, http:\/\/susanne-frey.de\/wp-content\/uploads\/2020\/04\/Kaktusbl\u00fcte_4-300x200.jpg 300w, http:\/\/susanne-frey.de\/wp-content\/uploads\/2020\/04\/Kaktusbl\u00fcte_4-768x512.jpg 768w, http:\/\/susanne-frey.de\/wp-content\/uploads\/2020\/04\/Kaktusbl\u00fcte_4.jpg 1200w\" sizes=\"(max-width: 706px) 89vw, (max-width: 767px) 82vw, 740px\" \/><\/div><div class=\"logo-slider-item\"><img loading=\"lazy\" width=\"1024\" height=\"683\" src=\"http:\/\/susanne-frey.de\/wp-content\/uploads\/2020\/04\/Kaktusbl\u00fcte_3-1024x683.jpg\" alt=\"\" data-id=\"584\" data-link=\"http:\/\/susanne-frey.de\/?attachment_id=584\" class=\"wp-image-584\" srcset=\"http:\/\/susanne-frey.de\/wp-content\/uploads\/2020\/04\/Kaktusbl\u00fcte_3-1024x683.jpg 1024w, http:\/\/susanne-frey.de\/wp-content\/uploads\/2020\/04\/Kaktusbl\u00fcte_3-300x200.jpg 300w, http:\/\/susanne-frey.de\/wp-content\/uploads\/2020\/04\/Kaktusbl\u00fcte_3-768x512.jpg 768w, http:\/\/susanne-frey.de\/wp-content\/uploads\/2020\/04\/Kaktusbl\u00fcte_3.jpg 1200w\" sizes=\"(max-width: 706px) 89vw, (max-width: 767px) 82vw, 740px\" \/><\/div><div class=\"logo-slider-item\"><img loading=\"lazy\" width=\"1024\" height=\"683\" src=\"http:\/\/susanne-frey.de\/wp-content\/uploads\/2020\/04\/Kaktusbl\u00fcte_7-1024x683.jpg\" alt=\"\" data-id=\"588\" data-link=\"http:\/\/susanne-frey.de\/?attachment_id=588\" class=\"wp-image-588\" srcset=\"http:\/\/susanne-frey.de\/wp-content\/uploads\/2020\/04\/Kaktusbl\u00fcte_7-1024x683.jpg 1024w, http:\/\/susanne-frey.de\/wp-content\/uploads\/2020\/04\/Kaktusbl\u00fcte_7-300x200.jpg 300w, http:\/\/susanne-frey.de\/wp-content\/uploads\/2020\/04\/Kaktusbl\u00fcte_7-768x512.jpg 768w, http:\/\/susanne-frey.de\/wp-content\/uploads\/2020\/04\/Kaktusbl\u00fcte_7.jpg 1200w\" sizes=\"(max-width: 706px) 89vw, (max-width: 767px) 82vw, 740px\" \/><\/div><div class=\"logo-slider-item\"><img loading=\"lazy\" width=\"1024\" height=\"683\" src=\"http:\/\/susanne-frey.de\/wp-content\/uploads\/2020\/04\/Kaktusbl\u00fcte_5-1024x683.jpg\" alt=\"\" data-id=\"586\" data-link=\"http:\/\/susanne-frey.de\/?attachment_id=586\" class=\"wp-image-586\" srcset=\"http:\/\/susanne-frey.de\/wp-content\/uploads\/2020\/04\/Kaktusbl\u00fcte_5-1024x683.jpg 1024w, http:\/\/susanne-frey.de\/wp-content\/uploads\/2020\/04\/Kaktusbl\u00fcte_5-300x200.jpg 300w, http:\/\/susanne-frey.de\/wp-content\/uploads\/2020\/04\/Kaktusbl\u00fcte_5-768x512.jpg 768w, http:\/\/susanne-frey.de\/wp-content\/uploads\/2020\/04\/Kaktusbl\u00fcte_5.jpg 1200w\" sizes=\"(max-width: 706px) 89vw, (max-width: 767px) 82vw, 740px\" \/><\/div><div class=\"logo-slider-item\"><img loading=\"lazy\" width=\"1024\" height=\"683\" src=\"http:\/\/susanne-frey.de\/wp-content\/uploads\/2020\/04\/Kaktusbl\u00fcte_6-1024x683.jpg\" alt=\"\" data-id=\"587\" data-link=\"http:\/\/susanne-frey.de\/?attachment_id=587\" class=\"wp-image-587\" srcset=\"http:\/\/susanne-frey.de\/wp-content\/uploads\/2020\/04\/Kaktusbl\u00fcte_6-1024x683.jpg 1024w, http:\/\/susanne-frey.de\/wp-content\/uploads\/2020\/04\/Kaktusbl\u00fcte_6-300x200.jpg 300w, http:\/\/susanne-frey.de\/wp-content\/uploads\/2020\/04\/Kaktusbl\u00fcte_6-768x512.jpg 768w, http:\/\/susanne-frey.de\/wp-content\/uploads\/2020\/04\/Kaktusbl\u00fcte_6.jpg 1200w\" sizes=\"(max-width: 706px) 89vw, (max-width: 767px) 82vw, 740px\" \/><\/div><div class=\"logo-slider-item\"><img loading=\"lazy\" width=\"1024\" height=\"683\" src=\"http:\/\/susanne-frey.de\/wp-content\/uploads\/2020\/04\/Kaktusbl\u00fcte_2-1024x683.jpg\" alt=\"\" data-id=\"583\" data-link=\"http:\/\/susanne-frey.de\/?attachment_id=583\" class=\"wp-image-583\" srcset=\"http:\/\/susanne-frey.de\/wp-content\/uploads\/2020\/04\/Kaktusbl\u00fcte_2-1024x683.jpg 1024w, http:\/\/susanne-frey.de\/wp-content\/uploads\/2020\/04\/Kaktusbl\u00fcte_2-300x200.jpg 300w, http:\/\/susanne-frey.de\/wp-content\/uploads\/2020\/04\/Kaktusbl\u00fcte_2-768x512.jpg 768w, http:\/\/susanne-frey.de\/wp-content\/uploads\/2020\/04\/Kaktusbl\u00fcte_2.jpg 1200w\" sizes=\"(max-width: 706px) 89vw, (max-width: 767px) 82vw, 740px\" \/><\/div><div class=\"logo-slider-item\"><img loading=\"lazy\" width=\"1024\" height=\"683\" src=\"http:\/\/susanne-frey.de\/wp-content\/uploads\/2020\/04\/Kaktusbl\u00fcte_8-1024x683.jpg\" alt=\"\" data-id=\"589\" data-link=\"http:\/\/susanne-frey.de\/?attachment_id=589\" class=\"wp-image-589\" srcset=\"http:\/\/susanne-frey.de\/wp-content\/uploads\/2020\/04\/Kaktusbl\u00fcte_8-1024x683.jpg 1024w, http:\/\/susanne-frey.de\/wp-content\/uploads\/2020\/04\/Kaktusbl\u00fcte_8-300x200.jpg 300w, http:\/\/susanne-frey.de\/wp-content\/uploads\/2020\/04\/Kaktusbl\u00fcte_8-768x512.jpg 768w, http:\/\/susanne-frey.de\/wp-content\/uploads\/2020\/04\/Kaktusbl\u00fcte_8.jpg 1200w\" sizes=\"(max-width: 706px) 89vw, (max-width: 767px) 82vw, 740px\" \/><\/div><\/div>\n\n\n\n<p><br>Fotos \u00a9 Norbert Zeitler<\/p>\n","protected":false},"excerpt":{"rendered":"<p>Die Kaktusbl\u00fcte von Pierre Barillet und Jean Gr\u00e9dyTheater Spessartgrotte Mainfranken.Premiere am 2. M\u00e4rz 2002&nbsp; Inszenierung: Susanne Frey&nbsp;mit Ariane Payer, Peter Tretter, Maike Mai, Heiko Schnierer und Kasem Hoxha&nbsp; Fotos \u00a9 Norbert Zeitler<\/p>\n","protected":false},"author":1,"featured_media":0,"parent":0,"menu_order":0,"comment_status":"closed","ping_status":"closed","template":"","meta":{"ngg_post_thumbnail":0},"_links":{"self":[{"href":"http:\/\/susanne-frey.de\/index.php?rest_route=\/wp\/v2\/pages\/64"}],"collection":[{"href":"http:\/\/susanne-frey.de\/index.php?rest_route=\/wp\/v2\/pages"}],"about":[{"href":"http:\/\/susanne-frey.de\/index.php?rest_route=\/wp\/v2\/types\/page"}],"author":[{"embeddable":true,"href":"http:\/\/susanne-frey.de\/index.php?rest_route=\/wp\/v2\/users\/1"}],"replies":[{"embeddable":true,"href":"http:\/\/susanne-frey.de\/index.php?rest_route=%2Fwp%2Fv2%2Fcomments&post=64"}],"version-history":[{"count":5,"href":"http:\/\/susanne-frey.de\/index.php?rest_route=\/wp\/v2\/pages\/64\/revisions"}],"predecessor-version":[{"id":861,"href":"http:\/\/susanne-frey.de\/index.php?rest_route=\/wp\/v2\/pages\/64\/revisions\/861"}],"wp:attachment":[{"href":"http:\/\/susanne-frey.de\/index.php?rest_route=%2Fwp%2Fv2%2Fmedia&parent=64"}],"curies":[{"name":"wp","href":"https:\/\/api.w.org\/{rel}","templated":true}]}}